{"id":2813,"date":"2023-08-27T15:00:51","date_gmt":"2023-08-27T13:00:51","guid":{"rendered":"https:\/\/stubenjazz.de\/stj\/?page_id=2813"},"modified":"2024-07-22T15:58:37","modified_gmt":"2024-07-22T13:58:37","slug":"9-januar-2024","status":"publish","type":"page","link":"https:\/\/stubenjazz.de\/stj\/9-januar-2024\/","title":{"rendered":"9. Januar 2024"},"content":{"rendered":"\n<div id=\"\" class=\"wp-block-gosign-gosign-background-contianer gosign-color-section btn-full align-false default-padding no-margin boxed-width no-min-height darkColorLayout no-top-border no-bottom-border colorSectionFe background-scroll background-repeat overlay-false defined-width\"><div class=\"outer-container background-scroll\" style=\"background-repeat:repeat;background-color:#f2f2f2\"><div class=\"inner-container\"><div class=\"contentBlock\">\n<div class=\"wp-block-advgb-columns advgb-columns-wrapper\" id=\"advgb-cols-6cf4c029-a447-4565-b74d-ab56f6adf4a7\"><div class=\"advgb-columns-container\"><div class=\"advgb-columns advgb-columns-row advgb-is-mobile advgb-columns-2 layout-12-12 mbl-layout-stacked vgutter-10\">\n<div class=\"wp-block-advgb-column advgb-column\" id=\"advgb-col-63d45441-94dd-4037-8fbb-c21bc1fa2492\"><div class=\"advgb-column-inner\" style=\"border-style:none;border-width:1px\">\n<div class=\"wp-block-group\"><div class=\"wp-block-group__inner-container is-layout-constrained wp-block-group-is-layout-constrained\">\n<h4 class=\"wp-block-heading has-text-align-center has-custom-lineheight has-custom-letterspacing\" id=\"1-angaben-gem%C3%A4%C3%9F-%C2%A7-5-tmg\" style=\"line-height:1.56;letter-spacing:-1px;font-size:31px\"><span style=\"color: #000000;\" class=\"stk-highlight\"><strong>9. Januar 2023<\/strong><\/span><br><span style=\"color: #000000;\" class=\"stk-highlight\"><span style=\"color: #000000;\" class=\"stk-highlight\"><\/span><\/span><\/h4>\n<\/div><\/div>\n\n\n\n<div class=\"wp-block-stackable-text stk-block-text stk-block stk-30de2a5\" data-block-id=\"30de2a5\"><p class=\"stk-block-text__text has-text-align-center\">                            19.30 Uhr<br>                        <strong><a href=\"https:\/\/kommprobier.de\" target=\"_blank\" rel=\"noreferrer noopener\">KommproBier<\/a><\/strong> <br>                         M\u00fchlstrasse 28<br>           88085 Langenargen am Bodensee<br><br><strong>Vorverkauf (13 Euro)<\/strong><br>Abendkasse 15 Euro<br><strong>Einlass 19 Uhr<\/strong><br><br>                         <\/p><\/div>\n\n\n\n<p><\/p>\n\n\n\n<p><\/p>\n\n\n\n<p><\/p>\n\n\n\n<h2 class=\"wp-block-heading has-text-align-center has-black-color has-text-color\" id=\"1-angaben-gem%C3%A4%C3%9F-%C2%A7-5-tmg\"><strong>Quartett<span style=\"color: #000000;\" class=\"stk-highlight\"><br>Otto &#8211; R\u00e4dle &#8211; <\/span>Ketterl &#8211; Gustke<\/strong><span style=\"color: #000000;\" class=\"stk-highlight\"><br>&amp;<br>Doris Vogel<\/span><\/h2>\n\n\n\n<div class=\"wp-block-stackable-image stk-block-image stk-block stk-3816ae0\" data-block-id=\"3816ae0\"><figure><span class=\"stk-img-wrapper stk-image--shape-stretch\"><img fetchpriority=\"high\" decoding=\"async\" class=\"stk-img wp-image-2817\" src=\"https:\/\/stubenjazz.de\/stj\/wp-content\/uploads\/2023\/08\/Doris-Vogel-c-Reiner-Leuthaeuser.jpg\" width=\"1536\" height=\"2048\" alt=\"Dorothea Dieckmann\" srcset=\"https:\/\/stubenjazz.de\/stj\/wp-content\/uploads\/2023\/08\/Doris-Vogel-c-Reiner-Leuthaeuser.jpg 1536w, https:\/\/stubenjazz.de\/stj\/wp-content\/uploads\/2023\/08\/Doris-Vogel-c-Reiner-Leuthaeuser-225x300.jpg 225w, https:\/\/stubenjazz.de\/stj\/wp-content\/uploads\/2023\/08\/Doris-Vogel-c-Reiner-Leuthaeuser-768x1024.jpg 768w, https:\/\/stubenjazz.de\/stj\/wp-content\/uploads\/2023\/08\/Doris-Vogel-c-Reiner-Leuthaeuser-1152x1536.jpg 1152w\" sizes=\"(max-width: 1536px) 100vw, 1536px\" \/><\/span><\/figure><\/div>\n<\/div><\/div>\n\n\n\n<div class=\"wp-block-advgb-column advgb-column\" id=\"advgb-col-03db41bf-abea-4f81-a3bc-b70e084dd44e\"><div class=\"advgb-column-inner\" style=\"border-style:none;border-width:1px\">\n<div class=\"wp-block-stackable-image stk-block-image has-text-align-left stk-block stk-6c36829\" data-block-id=\"6c36829\"><\/div>\n\n\n\t\t\t\t\t<div\n\t\t\t\t\t\tclass=\"wp-block-uagb-image-gallery uagb-block-332c120a     \"\n\t\t\t\t\t\tstyle=\"\"\n\t\t\t\t\t>\n\t\t\t\t\t\t\t\t\t\t\t<div class=\"spectra-image-gallery spectra-image-gallery__layout--masonry spectra-image-gallery__layout--masonry-col-2 spectra-image-gallery__layout--masonry-col-tab-3 spectra-image-gallery__layout--masonry-col-mob-2\">\n\t\t\t\t\t\t\t\t\t\t\t<div class='spectra-image-gallery__media-wrapper--isotope'>\n\t\t\t\t\t\t\t<div class='spectra-image-gallery__media-wrapper' data-spectra-gallery-image-id='2787' tabindex=\"0\">\n\t\t\t\t\t\t\t<div class=\"spectra-image-gallery__media spectra-image-gallery__media--masonry\">\n\t\t\t\t<picture>\n\t\t\t\t\t<source media=\"(min-width: 1024px)\" srcset=\"https:\/\/stubenjazz.de\/stj\/wp-content\/uploads\/2023\/08\/michael-t-otto-669x1024.png\">\n\t\t\t\t\t<source media=\"(min-width: 768px)\" srcset=\"https:\/\/stubenjazz.de\/stj\/wp-content\/uploads\/2023\/08\/michael-t-otto-669x1024.png\">\n\t\t\t\t\t<img decoding=\"async\" class=\"spectra-image-gallery__media-thumbnail spectra-image-gallery__media-thumbnail--masonry\" src=\"https:\/\/stubenjazz.de\/stj\/wp-content\/uploads\/2023\/08\/michael-t-otto-196x300.png\" alt=\"Michael T. Otto\" loading=\"lazy\" \/>\n\t\t\t\t<\/picture>\n\t\t\t\t<div class=\"spectra-image-gallery__media-thumbnail-blurrer\"><\/div>\n\t\t\t\t\t\t\t\t\t\t\t<div class=\"spectra-image-gallery__media-thumbnail-caption-wrapper spectra-image-gallery__media-thumbnail-caption-wrapper--overlay\"><\/div>\n\t\t\t\t\t\t\t\t<\/div>\n\t\t\t\t\t\t<\/div>\n\t\t\t\t\t\t<\/div>\n\t\t\t\t\t\t<div class='spectra-image-gallery__media-wrapper--isotope'>\n\t\t\t\t\t\t\t<div class='spectra-image-gallery__media-wrapper' data-spectra-gallery-image-id='2999' tabindex=\"0\">\n\t\t\t\t\t\t\t<div class=\"spectra-image-gallery__media spectra-image-gallery__media--masonry\">\n\t\t\t\t<picture>\n\t\t\t\t\t<source media=\"(min-width: 1024px)\" srcset=\"https:\/\/stubenjazz.de\/stj\/wp-content\/uploads\/2023\/10\/Arpi-sw-01-1024x683.jpg\">\n\t\t\t\t\t<source media=\"(min-width: 768px)\" srcset=\"https:\/\/stubenjazz.de\/stj\/wp-content\/uploads\/2023\/10\/Arpi-sw-01-1024x683.jpg\">\n\t\t\t\t\t<img decoding=\"async\" class=\"spectra-image-gallery__media-thumbnail spectra-image-gallery__media-thumbnail--masonry\" src=\"https:\/\/stubenjazz.de\/stj\/wp-content\/uploads\/2023\/10\/Arpi-sw-01-300x200.jpg\" alt=\"Arpi Ketterl\" loading=\"lazy\" \/>\n\t\t\t\t<\/picture>\n\t\t\t\t<div class=\"spectra-image-gallery__media-thumbnail-blurrer\"><\/div>\n\t\t\t\t\t\t\t\t\t\t\t<div class=\"spectra-image-gallery__media-thumbnail-caption-wrapper spectra-image-gallery__media-thumbnail-caption-wrapper--overlay\"><\/div>\n\t\t\t\t\t\t\t\t<\/div>\n\t\t\t\t\t\t<\/div>\n\t\t\t\t\t\t<\/div>\n\t\t\t\t\t\t<div class='spectra-image-gallery__media-wrapper--isotope'>\n\t\t\t\t\t\t\t<div class='spectra-image-gallery__media-wrapper' data-spectra-gallery-image-id='2995' tabindex=\"0\">\n\t\t\t\t\t\t\t<div class=\"spectra-image-gallery__media spectra-image-gallery__media--masonry\">\n\t\t\t\t<picture>\n\t\t\t\t\t<source media=\"(min-width: 1024px)\" srcset=\"https:\/\/stubenjazz.de\/stj\/wp-content\/uploads\/2023\/10\/tobi-raedle-684x1024.jpg\">\n\t\t\t\t\t<source media=\"(min-width: 768px)\" srcset=\"https:\/\/stubenjazz.de\/stj\/wp-content\/uploads\/2023\/10\/tobi-raedle-684x1024.jpg\">\n\t\t\t\t\t<img decoding=\"async\" class=\"spectra-image-gallery__media-thumbnail spectra-image-gallery__media-thumbnail--masonry\" src=\"https:\/\/stubenjazz.de\/stj\/wp-content\/uploads\/2023\/10\/tobi-raedle-200x300.jpg\" alt=\"Tobi R\u00e4dle\" loading=\"lazy\" \/>\n\t\t\t\t<\/picture>\n\t\t\t\t<div class=\"spectra-image-gallery__media-thumbnail-blurrer\"><\/div>\n\t\t\t\t\t\t\t\t\t\t\t<div class=\"spectra-image-gallery__media-thumbnail-caption-wrapper spectra-image-gallery__media-thumbnail-caption-wrapper--overlay\"><\/div>\n\t\t\t\t\t\t\t\t<\/div>\n\t\t\t\t\t\t<\/div>\n\t\t\t\t\t\t<\/div>\n\t\t\t\t\t\t<div class='spectra-image-gallery__media-wrapper--isotope'>\n\t\t\t\t\t\t\t<div class='spectra-image-gallery__media-wrapper' data-spectra-gallery-image-id='3000' tabindex=\"0\">\n\t\t\t\t\t\t\t<div class=\"spectra-image-gallery__media spectra-image-gallery__media--masonry\">\n\t\t\t\t<picture>\n\t\t\t\t\t<source media=\"(min-width: 1024px)\" srcset=\"https:\/\/stubenjazz.de\/stj\/wp-content\/uploads\/2023\/10\/RG-33-Kopie.jpg\">\n\t\t\t\t\t<source media=\"(min-width: 768px)\" srcset=\"https:\/\/stubenjazz.de\/stj\/wp-content\/uploads\/2023\/10\/RG-33-Kopie.jpg\">\n\t\t\t\t\t<img decoding=\"async\" class=\"spectra-image-gallery__media-thumbnail spectra-image-gallery__media-thumbnail--masonry\" src=\"https:\/\/stubenjazz.de\/stj\/wp-content\/uploads\/2023\/10\/RG-33-Kopie-300x200.jpg\" alt=\"Ralf Gustke\" loading=\"lazy\" \/>\n\t\t\t\t<\/picture>\n\t\t\t\t<div class=\"spectra-image-gallery__media-thumbnail-blurrer\"><\/div>\n\t\t\t\t\t\t\t\t\t\t\t<div class=\"spectra-image-gallery__media-thumbnail-caption-wrapper spectra-image-gallery__media-thumbnail-caption-wrapper--overlay\"><\/div>\n\t\t\t\t\t\t\t\t<\/div>\n\t\t\t\t\t\t<\/div>\n\t\t\t\t\t\t<\/div>\n\t\t\t\t\t\t\t\t\t\t<\/div>\n\t\t\t\t\t\t\t\t\t\t\t\t\t\t\t\t\t\t<\/div>\n\t\t\t\t\t\t\t\t\t\n\n\n<div style=\"height:37px\" aria-hidden=\"true\" class=\"wp-block-spacer\"><\/div>\n\n\n\n<p><strong><a href=\"https:\/\/stubenjazz.de\/stj\/michael-t-otto\/\">Michael T. Otto<\/a><\/strong>  &#8211; Trompete\/Fl\u00fcgelhorn<br><a href=\"https:\/\/jazz-concerts.com\/de\/musician\/Tobias-Radle-8111\">Tobi R\u00e4dle<\/a> &#8211; Piano<br><a href=\"https:\/\/jazz-concerts.com\/de\/musician\/Arpi-Ketterl-3306\">Arpi Ketterl<\/a> &#8211; E-Bass<br><a href=\"https:\/\/www.ralfgustke.de\">Ralf Gustke<\/a> &#8211; Schlagzeug<a href=\"http:\/\/www.heinermerk.de\/\"><\/a><\/p>\n\n\n\n<p><\/p>\n\n\n\n<p><br><\/p>\n\n\n\n<h2 class=\"wp-block-heading\"><span style=\"color: #000000;\" class=\"stk-highlight\">Doris Vogel<\/span><\/h2>\n\n\n\n<p><a href=\"https:\/\/dorisvogel.de\/\" target=\"_blank\" rel=\"noreferrer noopener\">https:\/\/dorisvogel.de\/<\/a><\/p>\n\n\n\n<h4 class=\"wp-block-heading\"><span style=\"color: #000000;\" class=\"stk-highlight\"><strong>Elvis live in Langenargen<\/strong><\/span><\/h4>\n\n\n\n<p>Am 09.01.2024 liest die Lyrikerin Doris Vogel im Rahmen der von Michael T. Otto organisierten Reihe \u201eLA-Connection\u201c in Langenargen aus ihrem Gedichtband \u201eDieses Buch geh\u00f6rt dem K\u00f6nig 2.0\u201c, der im Fr\u00fchjahr in der Edition Kl\u00f6pfer im Kr\u00f6ner Verlag erscheint. Ihr Gedichtzyklus ist der literarische Versuch, Elvis Presleys schillerndes Image behutsam abzutragen, sachte auszubreiten und einen neuen Blick auf eines der gr\u00f6\u00dften popkulturellen Ph\u00e4nomene zu werfen.<\/p>\n\n\n\n<p>Doris Vogel, die sich als Malerin bereits einen Namen gemacht hat, deb\u00fctierte im Sommer 2022 beim Literarischen Forum Oberschwaben: \u201eNicht nur beherrscht sie in einer klaren und dennoch poetischen Sprache die Chiffren um den Megastar des 20. Jahrhunderts, sondern sie verbindet diese mit dem heutigen Lebensgef\u00fchl und Empfinden und erhellt somit Bedingungen des Menschlichen.\u201c<\/p>\n\n\n\n<p>Doris Vogel, geboren 1988, aufgewachsen in Aulendorf, studierte Kunsterziehung und Freie Kunst (Malerei\/Grafik) bei Gustav Kluge, Jonas Burgert und Marcel van Eeden an der Staatlichen Akademie der Bildenden K\u00fcnste Karlsruhe und Germanistik am KIT. 2011 erhielt sie das Reisestipendium der Vereinigung der Freunde der AdBK. Ihre Arbeiten wurden unter anderem in der St\u00e4dtischen Galerie im Alten Bau in Geislingen, der Galerie Bodenseekreis in Meersburg, dem Museum im Kornhaus in Bad Waldsee und der Galerie OH in Karlsruhe gezeigt. Lesungen u. a. beim Literarischen Forum Oberschwaben und den Karlsruher Literaturtagen. Ver\u00f6ffentlichung im Magazin Onepage #33. Doris Vogel lebt als Malerin, Lyrikerin und Kunsterzieherin in Eislingen\/Fils.<\/p>\n\n\n\n<h2 class=\"wp-block-heading\"><br><span style=\"color: #000000;\" class=\"stk-highlight\"><\/span><\/h2>\n\n\n\n<p class=\"has-black-color has-text-color\"><\/p>\n<\/div><\/div>\n<\/div><\/div><\/div>\n<\/div><\/div><\/div><\/div>\n<style class=\"advgb-styles-renderer\">.stk-3816ae0 .stk-img-wrapper{width:50% !important;height:50% !important}.stk-3816ae0 .stk-img-wrapper img{object-position:49% 19% !important}.stk-6c36829 .stk-img-wrapper{width:50% !important;height:50% !important}#advgb-cols-6cf4c029-a447-4565-b74d-ab56f6adf4a7{}@media screen and (max-width: 1023px) {#advgb-cols-6cf4c029-a447-4565-b74d-ab56f6adf4a7{}}@media screen and (max-width: 767px) {#advgb-cols-6cf4c029-a447-4565-b74d-ab56f6adf4a7{}}#advgb-col-63d45441-94dd-4037-8fbb-c21bc1fa2492>.advgb-column-inner{}@media screen and (max-width: 1023px) {#advgb-col-63d45441-94dd-4037-8fbb-c21bc1fa2492>.advgb-column-inner{}}@media screen and (max-width: 767px) {#advgb-col-63d45441-94dd-4037-8fbb-c21bc1fa2492>.advgb-column-inner{}}#advgb-col-03db41bf-abea-4f81-a3bc-b70e084dd44e>.advgb-column-inner{}@media screen and (max-width: 1023px) {#advgb-col-03db41bf-abea-4f81-a3bc-b70e084dd44e>.advgb-column-inner{}}@media screen and (max-width: 767px) {#advgb-col-03db41bf-abea-4f81-a3bc-b70e084dd44e>.advgb-column-inner{}}<\/style>","protected":false},"excerpt":{"rendered":"","protected":false},"author":1,"featured_media":0,"parent":0,"menu_order":0,"comment_status":"closed","ping_status":"closed","template":"page-templates\/page-fullwidth.php","meta":{"_coblocks_attr":"","_coblocks_dimensions":"","_coblocks_responsive_height":"","_coblocks_accordion_ie_support":"","_uag_custom_page_level_css":"","ub_ctt_via":"","advgb_blocks_editor_width":"","advgb_blocks_columns_visual_guide":"","footnotes":""},"featured_image_src":null,"uagb_featured_image_src":{"full":false,"thumbnail":false,"medium":false,"medium_large":false,"large":false,"1536x1536":false,"2048x2048":false},"uagb_author_info":{"display_name":"Andrea","author_link":"https:\/\/stubenjazz.de\/stj\/author\/andrea\/"},"uagb_comment_info":0,"uagb_excerpt":null,"coauthors":[],"author_meta":{"author_link":"https:\/\/stubenjazz.de\/stj\/author\/andrea\/","display_name":"Andrea"},"relative_dates":{"created":"Posted 3\u00a0Jahren ago","modified":"Updated 2\u00a0Jahren ago"},"absolute_dates":{"created":"Posted on 27. August 2023","modified":"Updated on 22. Juli 2024"},"absolute_dates_time":{"created":"Posted on 27. August 2023 15:00","modified":"Updated on 22. Juli 2024 15:58"},"featured_img_caption":"","featured_img":false,"series_order":"","_links":{"self":[{"href":"https:\/\/stubenjazz.de\/stj\/wp-json\/wp\/v2\/pages\/2813"}],"collection":[{"href":"https:\/\/stubenjazz.de\/stj\/wp-json\/wp\/v2\/pages"}],"about":[{"href":"https:\/\/stubenjazz.de\/stj\/wp-json\/wp\/v2\/types\/page"}],"author":[{"embeddable":true,"href":"https:\/\/stubenjazz.de\/stj\/wp-json\/wp\/v2\/users\/1"}],"replies":[{"embeddable":true,"href":"https:\/\/stubenjazz.de\/stj\/wp-json\/wp\/v2\/comments?post=2813"}],"version-history":[{"count":32,"href":"https:\/\/stubenjazz.de\/stj\/wp-json\/wp\/v2\/pages\/2813\/revisions"}],"predecessor-version":[{"id":3369,"href":"https:\/\/stubenjazz.de\/stj\/wp-json\/wp\/v2\/pages\/2813\/revisions\/3369"}],"wp:attachment":[{"href":"https:\/\/stubenjazz.de\/stj\/wp-json\/wp\/v2\/media?parent=2813"}],"curies":[{"name":"wp","href":"https:\/\/api.w.org\/{rel}","templated":true}]}}