{"id":3307,"date":"2024-07-17T15:01:12","date_gmt":"2024-07-17T13:01:12","guid":{"rendered":"https:\/\/stubenjazz.de\/stj\/?page_id=3307"},"modified":"2024-08-19T23:19:12","modified_gmt":"2024-08-19T21:19:12","slug":"3-september-2024","status":"publish","type":"page","link":"https:\/\/stubenjazz.de\/stj\/3-september-2024\/","title":{"rendered":"3. September 2024"},"content":{"rendered":"\n<div id=\"\" class=\"wp-block-gosign-gosign-background-contianer gosign-color-section btn-full align-false default-padding no-margin boxed-width no-min-height darkColorLayout no-top-border no-bottom-border colorSectionFe background-scroll background-repeat overlay-false defined-width\"><div class=\"outer-container background-scroll\" style=\"background-repeat:repeat;background-color:#f2f2f2\"><div class=\"inner-container\"><div class=\"contentBlock\">\n<div class=\"wp-block-advgb-columns advgb-columns-wrapper\" id=\"advgb-cols-2da56653-9427-4130-addf-9567f89dc2a7\"><div class=\"advgb-columns-container\"><div class=\"advgb-columns advgb-columns-row advgb-is-mobile advgb-columns-2 layout-12-12 mbl-layout-stacked vgutter-10\">\n<div class=\"wp-block-advgb-column advgb-column\" id=\"advgb-col-5eee489d-dd20-496f-ba34-4b6baeccd587\"><div class=\"advgb-column-inner\" style=\"border-style:none;border-width:1px\">\n<div class=\"wp-block-group\"><div class=\"wp-block-group__inner-container is-layout-constrained wp-block-group-is-layout-constrained\">\n<h4 class=\"wp-block-heading has-text-align-center has-custom-lineheight has-custom-letterspacing\" id=\"1-angaben-gem%C3%A4%C3%9F-%C2%A7-5-tmg\" style=\"line-height:1.56;letter-spacing:-1px;font-size:31px\"><span style=\"color: #000000;\" class=\"stk-highlight\"><strong>3. September 2024<\/strong><\/span><br><span style=\"color: #000000;\" class=\"stk-highlight\"><span style=\"color: #000000;\" class=\"stk-highlight\"><\/span><\/span><\/h4>\n<\/div><\/div>\n\n\n\n<div class=\"wp-block-stackable-text stk-block-text stk-block stk-30de2a5\" data-block-id=\"30de2a5\"><p class=\"stk-block-text__text has-text-align-center\">                            19.30 Uhr<br>                        <strong><a href=\"https:\/\/kommprobier.de\" target=\"_blank\" rel=\"noreferrer noopener\">KommproBier<\/a><\/strong> <br>                         M\u00fchlstrasse 28<br>           88085 Langenargen am Bodensee<br><br><strong><a href=\"https:\/\/shop.ticketpay.de\/773ZLQ3R\" target=\"_blank\" rel=\"noreferrer noopener\">Vorverkauf (13 Euro)<\/a><\/strong><br>Abendkasse 15 Euro<br><strong>Einlass 19 Uhr<\/strong><br>                         <\/p><\/div>\n\n\n\n<p><\/p>\n\n\n\n<p><\/p>\n\n\n\n<p><\/p>\n\n\n\n<h2 class=\"wp-block-heading has-text-align-center\" id=\"1-angaben-gem%C3%A4%C3%9F-%C2%A7-5-tmg\"><span style=\"color: #000000;\" class=\"stk-highlight\">Felicitas Andresen <br>&amp;<br><span style=\"color: #000000;\" class=\"stk-highlight\">Huub Claessen &#8211; Andreas Reif &#8211; Michael T. Otto<\/span><\/span><\/h2>\n\n\n\n<div class=\"wp-block-stackable-image stk-block-image stk-block stk-3816ae0\" data-block-id=\"3816ae0\"><figure><span class=\"stk-img-wrapper stk-image--shape-stretch\"><img fetchpriority=\"high\" decoding=\"async\" class=\"stk-img wp-image-3315\" src=\"https:\/\/stubenjazz.de\/stj\/wp-content\/uploads\/2024\/07\/IMG_7503-rotated.jpeg\" width=\"480\" height=\"640\" alt=\"Ingrid Koch\" srcset=\"https:\/\/stubenjazz.de\/stj\/wp-content\/uploads\/2024\/07\/IMG_7503-rotated.jpeg 480w, https:\/\/stubenjazz.de\/stj\/wp-content\/uploads\/2024\/07\/IMG_7503-225x300.jpeg 225w\" sizes=\"(max-width: 480px) 100vw, 480px\" \/><\/span><figcaption class=\"stk-img-figcaption\">Felicitas Andresen<\/figcaption><\/figure><\/div>\n<\/div><\/div>\n\n\n\n<div class=\"wp-block-advgb-column advgb-column\" id=\"advgb-col-8d1119b1-91a8-43d0-9989-0435689e3294\"><div class=\"advgb-column-inner\" style=\"border-style:none;border-width:1px\">\n<div class=\"wp-block-stackable-image stk-block-image stk-block stk-6c36829\" data-block-id=\"6c36829\"><\/div>\n\n\n\t\t\t\t\t<div\n\t\t\t\t\t\tclass=\"wp-block-uagb-image-gallery uagb-block-481b5300     \"\n\t\t\t\t\t\tstyle=\"\"\n\t\t\t\t\t>\n\t\t\t\t\t\t\t\t\t\t\t<div class=\"spectra-image-gallery spectra-image-gallery__layout--masonry spectra-image-gallery__layout--masonry-col-2 spectra-image-gallery__layout--masonry-col-tab-3 spectra-image-gallery__layout--masonry-col-mob-3\">\n\t\t\t\t\t\t\t\t\t\t\t<div class='spectra-image-gallery__media-wrapper--isotope'>\n\t\t\t\t\t\t\t<div class='spectra-image-gallery__media-wrapper' data-spectra-gallery-image-id='3312' tabindex=\"0\">\n\t\t\t\t\t\t\t<div class=\"spectra-image-gallery__media spectra-image-gallery__media--masonry\">\n\t\t\t\t<picture>\n\t\t\t\t\t<source media=\"(min-width: 1024px)\" srcset=\"https:\/\/stubenjazz.de\/stj\/wp-content\/uploads\/2024\/07\/IMG_7349.jpeg\">\n\t\t\t\t\t<source media=\"(min-width: 768px)\" srcset=\"https:\/\/stubenjazz.de\/stj\/wp-content\/uploads\/2024\/07\/IMG_7349.jpeg\">\n\t\t\t\t\t<img decoding=\"async\" class=\"spectra-image-gallery__media-thumbnail spectra-image-gallery__media-thumbnail--masonry\" src=\"https:\/\/stubenjazz.de\/stj\/wp-content\/uploads\/2024\/07\/IMG_7349-200x300.jpeg\" alt=\"Andreas Reif\" loading=\"lazy\" \/>\n\t\t\t\t<\/picture>\n\t\t\t\t<div class=\"spectra-image-gallery__media-thumbnail-blurrer\"><\/div>\n\t\t\t\t\t\t\t\t\t\t\t<div class=\"spectra-image-gallery__media-thumbnail-caption-wrapper spectra-image-gallery__media-thumbnail-caption-wrapper--overlay\">\n\t\t\t\t\t\t\t\t\t\t\t<div class=\"spectra-image-gallery__media-thumbnail-caption spectra-image-gallery__media-thumbnail-caption--overlay\">\n\t\t\t\t\tAndreas Reif\t\t\t\t<\/div>\n\t\t\t\t\t\t\t\t\t\t<\/div>\n\t\t\t\t\t\t\t\t\t<\/div>\n\t\t\t\t\t\t<\/div>\n\t\t\t\t\t\t<\/div>\n\t\t\t\t\t\t<div class='spectra-image-gallery__media-wrapper--isotope'>\n\t\t\t\t\t\t\t<div class='spectra-image-gallery__media-wrapper' data-spectra-gallery-image-id='3311' tabindex=\"0\">\n\t\t\t\t\t\t\t<div class=\"spectra-image-gallery__media spectra-image-gallery__media--masonry\">\n\t\t\t\t<picture>\n\t\t\t\t\t<source media=\"(min-width: 1024px)\" srcset=\"https:\/\/stubenjazz.de\/stj\/wp-content\/uploads\/2024\/07\/image0.jpeg\">\n\t\t\t\t\t<source media=\"(min-width: 768px)\" srcset=\"https:\/\/stubenjazz.de\/stj\/wp-content\/uploads\/2024\/07\/image0.jpeg\">\n\t\t\t\t\t<img decoding=\"async\" class=\"spectra-image-gallery__media-thumbnail spectra-image-gallery__media-thumbnail--masonry\" src=\"https:\/\/stubenjazz.de\/stj\/wp-content\/uploads\/2024\/07\/image0-300x300.jpeg\" alt=\"Huub Claessens\" loading=\"lazy\" \/>\n\t\t\t\t<\/picture>\n\t\t\t\t<div class=\"spectra-image-gallery__media-thumbnail-blurrer\"><\/div>\n\t\t\t\t\t\t\t\t\t\t\t<div class=\"spectra-image-gallery__media-thumbnail-caption-wrapper spectra-image-gallery__media-thumbnail-caption-wrapper--overlay\">\n\t\t\t\t\t\t\t\t\t\t\t<div class=\"spectra-image-gallery__media-thumbnail-caption spectra-image-gallery__media-thumbnail-caption--overlay\">\n\t\t\t\t\tHuub Claessens\t\t\t\t<\/div>\n\t\t\t\t\t\t\t\t\t\t<\/div>\n\t\t\t\t\t\t\t\t\t<\/div>\n\t\t\t\t\t\t<\/div>\n\t\t\t\t\t\t<\/div>\n\t\t\t\t\t\t<div class='spectra-image-gallery__media-wrapper--isotope'>\n\t\t\t\t\t\t\t<div class='spectra-image-gallery__media-wrapper' data-spectra-gallery-image-id='3321' tabindex=\"0\">\n\t\t\t\t\t\t\t<div class=\"spectra-image-gallery__media spectra-image-gallery__media--masonry\">\n\t\t\t\t<picture>\n\t\t\t\t\t<source media=\"(min-width: 1024px)\" srcset=\"https:\/\/stubenjazz.de\/stj\/wp-content\/uploads\/2024\/07\/Michael-T-Otto_Foto3-by_conni-Breyer-1.png\">\n\t\t\t\t\t<source media=\"(min-width: 768px)\" srcset=\"https:\/\/stubenjazz.de\/stj\/wp-content\/uploads\/2024\/07\/Michael-T-Otto_Foto3-by_conni-Breyer-1.png\">\n\t\t\t\t\t<img decoding=\"async\" class=\"spectra-image-gallery__media-thumbnail spectra-image-gallery__media-thumbnail--masonry\" src=\"https:\/\/stubenjazz.de\/stj\/wp-content\/uploads\/2024\/07\/Michael-T-Otto_Foto3-by_conni-Breyer-1-252x300.png\" alt=\"Michael T. Otto\" loading=\"lazy\" \/>\n\t\t\t\t<\/picture>\n\t\t\t\t<div class=\"spectra-image-gallery__media-thumbnail-blurrer\"><\/div>\n\t\t\t\t\t\t\t\t\t\t\t<div class=\"spectra-image-gallery__media-thumbnail-caption-wrapper spectra-image-gallery__media-thumbnail-caption-wrapper--overlay\">\n\t\t\t\t\t\t\t\t\t\t\t<div class=\"spectra-image-gallery__media-thumbnail-caption spectra-image-gallery__media-thumbnail-caption--overlay\">\n\t\t\t\t\tMichael T. Otto\t\t\t\t<\/div>\n\t\t\t\t\t\t\t\t\t\t<\/div>\n\t\t\t\t\t\t\t\t\t<\/div>\n\t\t\t\t\t\t<\/div>\n\t\t\t\t\t\t<\/div>\n\t\t\t\t\t\t\t\t\t\t<\/div>\n\t\t\t\t\t\t\t\t\t\t\t\t\t\t\t\t\t\t<\/div>\n\t\t\t\t\t\t\t\t\t\n\n\n<p><\/p>\n\n\n\n<p><\/p>\n\n\n\n<p>Auch bei dieser Musik-Lesung von LA Connection am 3. September darf man wieder auf Hochkar\u00e4tiges gespannt sein. Lesen wird Felicitas Andresen aus Hemmenhofen am Bodensee. Bekannt geworden ist sie durch eine Reihe von autobiografisch selbstkritischen Romanen und Erz\u00e4hlungen, die sich durch ihren ungew\u00f6hnlichen Humor auszeichnen. F\u00fcr ihre Arbeiten wurde sie mehrfach ausgezeichnet,&nbsp;zuletzt mit dem Thadd\u00e4us-Troll-Preis f\u00fcr \u00bbSex mit Hermann Hesse\u00ab, aus diesem Buch wird sie auch u.a.&nbsp;Ausschnitte lesen.&nbsp;<\/p>\n\n\n\n<p>Den musikalischen Part \u00fcbernehmen die drei Musiker, Huub Claessens, Andreas Reif und der musikalische&nbsp; Kurator der Reihe Michael T. Otto. Der geb\u00fcrtige Niederl\u00e4nder Huub Claessens ist S\u00e4nger, Saxophonist, Trompeter und ein Star in der Szene. In seiner nun mehr als 40 j\u00e4hrigen Karriere musizierte Claessens als Solist in den gr\u00f6\u00dften Konzerthallen weltweit, u.a. dem Th\u00e9\u00e2tre Champs \u00c9lys\u00e9e, Tokyo City Concert Hall, der Wiener Staatsoper und viele mehr.<\/p>\n\n\n\n<p>Mit seiner unerh\u00f6rten musikalischen und stilistischen Vielseitigkeit ist er der perfekte Partner f\u00fcr die beiden ebenso vielseitigen Multiinstrumentalisten Andreas Reif und Michael T. Otto. Der Pianist und Kontrabassist Andreas Reif, ist ein gefragter Sideman bei Musical- und Theater-Produktionen von Stuttgart bis zum Bodensee. Musikalisch wagen die drei Musiker den Spagat von der Barockmusik \u00fcber das Great American Songbook zur freien Musik. Die Zuh\u00f6rer erwartet ein weiteres kulturelles Abenteuer in der nun neunten \u201eLA Connection \u2013 Jazz &amp; Wort im Bierladen\u201c Veranstaltung in Langenargen.<\/p>\n\n\n\n<p><\/p>\n\n\n\n<p>.<\/p>\n\n\n\n<p>Veranstaltet wird diese Jazz- und Literaturreihe vom Kulturamt des Bodenseekreises in Zusammenarbeit mit KommproBier und Michael T. Otto.<\/p>\n\n\n\n<p><\/p>\n\n\n\n<p><\/p>\n\n\n\n<p><\/p>\n\n\n\n<p><a href=\"https:\/\/de.wikipedia.org\/wiki\/Felicitas_Andresen\" target=\"_blank\" rel=\"noreferrer noopener\">Felicitas Andresen<\/a> &#8211; Autorin<\/p>\n\n\n\n<p><a href=\"https:\/\/www.onepointfm.com\/de-de\/huubclaessens\" target=\"_blank\" rel=\"noreferrer noopener\">Huub Claessens<\/a> &#8211; Gesang, Saxophon &amp; Trompete<\/p>\n\n\n\n<p><a href=\"https:\/\/andreasreif.info\/wordpress\/\" target=\"_blank\" rel=\"noreferrer noopener\">Andreas Reif<\/a> &#8211; Piano &amp; Kontrabass<\/p>\n\n\n\n<p><a href=\"https:\/\/stubenjazz.de\/stj\/michael-t-otto\/\">Michael T. Otto<\/a> &#8211; Fl\u00fcgelhorn, Trompete, Serpent &amp; Piano<\/p>\n\n\n\n<p><br><\/p>\n\n\n\n<p><\/p>\n\n\n\n<p><span style=\"color: #000000;\" class=\"stk-highlight\"><\/span><\/p>\n<\/div><\/div>\n<\/div><\/div><\/div>\n<\/div><\/div><\/div><\/div>\n<style class=\"advgb-styles-renderer\">.stk-3816ae0 .stk-img-wrapper{width:60% !important}.stk-3816ae0 .stk-img-wrapper img{object-position:49% 19% !important}.stk-3816ae0 .stk-img-figcaption{text-align:center !important}.stk-6c36829 .stk-img-wrapper{width:50% !important;height:50% !important}#advgb-cols-2da56653-9427-4130-addf-9567f89dc2a7{}@media screen and (max-width: 1023px) {#advgb-cols-2da56653-9427-4130-addf-9567f89dc2a7{}}@media screen and (max-width: 767px) {#advgb-cols-2da56653-9427-4130-addf-9567f89dc2a7{}}#advgb-col-5eee489d-dd20-496f-ba34-4b6baeccd587>.advgb-column-inner{}@media screen and (max-width: 1023px) {#advgb-col-5eee489d-dd20-496f-ba34-4b6baeccd587>.advgb-column-inner{}}@media screen and (max-width: 767px) {#advgb-col-5eee489d-dd20-496f-ba34-4b6baeccd587>.advgb-column-inner{}}#advgb-col-8d1119b1-91a8-43d0-9989-0435689e3294>.advgb-column-inner{}@media screen and (max-width: 1023px) {#advgb-col-8d1119b1-91a8-43d0-9989-0435689e3294>.advgb-column-inner{}}@media screen and (max-width: 767px) {#advgb-col-8d1119b1-91a8-43d0-9989-0435689e3294>.advgb-column-inner{}}<\/style>","protected":false},"excerpt":{"rendered":"","protected":false},"author":1,"featured_media":0,"parent":0,"menu_order":0,"comment_status":"closed","ping_status":"closed","template":"page-templates\/page-fullwidth.php","meta":{"_coblocks_attr":"","_coblocks_dimensions":"","_coblocks_responsive_height":"","_coblocks_accordion_ie_support":"","_uag_custom_page_level_css":"","ub_ctt_via":"","advgb_blocks_editor_width":"","advgb_blocks_columns_visual_guide":"","footnotes":""},"featured_image_src":null,"uagb_featured_image_src":{"full":false,"thumbnail":false,"medium":false,"medium_large":false,"large":false,"1536x1536":false,"2048x2048":false},"uagb_author_info":{"display_name":"Andrea","author_link":"https:\/\/stubenjazz.de\/stj\/author\/andrea\/"},"uagb_comment_info":0,"uagb_excerpt":null,"coauthors":[],"author_meta":{"author_link":"https:\/\/stubenjazz.de\/stj\/author\/andrea\/","display_name":"Andrea"},"relative_dates":{"created":"Posted 2\u00a0Jahren ago","modified":"Updated 2\u00a0Jahren ago"},"absolute_dates":{"created":"Posted on 17. Juli 2024","modified":"Updated on 19. August 2024"},"absolute_dates_time":{"created":"Posted on 17. Juli 2024 15:01","modified":"Updated on 19. August 2024 23:19"},"featured_img_caption":"","featured_img":false,"series_order":"","_links":{"self":[{"href":"https:\/\/stubenjazz.de\/stj\/wp-json\/wp\/v2\/pages\/3307"}],"collection":[{"href":"https:\/\/stubenjazz.de\/stj\/wp-json\/wp\/v2\/pages"}],"about":[{"href":"https:\/\/stubenjazz.de\/stj\/wp-json\/wp\/v2\/types\/page"}],"author":[{"embeddable":true,"href":"https:\/\/stubenjazz.de\/stj\/wp-json\/wp\/v2\/users\/1"}],"replies":[{"embeddable":true,"href":"https:\/\/stubenjazz.de\/stj\/wp-json\/wp\/v2\/comments?post=3307"}],"version-history":[{"count":10,"href":"https:\/\/stubenjazz.de\/stj\/wp-json\/wp\/v2\/pages\/3307\/revisions"}],"predecessor-version":[{"id":3460,"href":"https:\/\/stubenjazz.de\/stj\/wp-json\/wp\/v2\/pages\/3307\/revisions\/3460"}],"wp:attachment":[{"href":"https:\/\/stubenjazz.de\/stj\/wp-json\/wp\/v2\/media?parent=3307"}],"curies":[{"name":"wp","href":"https:\/\/api.w.org\/{rel}","templated":true}]}}